{"id":584,"date":"2020-08-31T12:35:24","date_gmt":"2020-08-31T12:35:24","guid":{"rendered":"http:\/\/fussball.tsv-westerstetten.de\/?page_id=584"},"modified":"2021-03-17T19:58:29","modified_gmt":"2021-03-17T19:58:29","slug":"trainerstab","status":"publish","type":"page","link":"http:\/\/fussball.tsv-westerstetten.de\/?page_id=584","title":{"rendered":"Der Fussballf\u00f6rderverein"},"content":{"rendered":"\n<p><strong>Die Idee<\/strong><\/p>\n\n\n\n<p>Erschlie\u00dfung zus\u00e4tzlicher finanzieller und materieller Mittel f\u00fcr die Fu\u00dfballsparten des TSV Westerstetten, um den Fortbestand des Jugend- und Herrenbereichs zu sichern und auszubauen.<\/p>\n\n\n\n<p><strong>Die Gr\u00fcndung<\/strong><\/p>\n\n\n\n<p>Der Fu\u00dfballf\u00f6rderverein wurde am 9. April 2009 ins Leben gerufen und ist als eingetragener gemeinn\u00fctziger Verein anerkannt worden.<\/p>\n\n\n\n<p><strong>Der Vorstand<\/strong><\/p>\n\n\n\n<p>Der Vorstand setzt sich aus dem 1. Vorsitzende, dem stellvertretenden Vorsitzenden, dem Kassierer, dem Schriftf\u00fchrer und mindestens einem Beisitzer zusammen. <\/p>\n\n\n\n<p>&nbsp;<br><strong>Die Ziele<\/strong><\/p>\n\n\n\n<p>&#8211; F\u00f6rderung der Fu\u00dfballspartenarbeit des TSV Westerstetten<br>&#8211; Erg\u00e4nzende Anschaffung von Sportger\u00e4ten und Ausr\u00fcstungsgegenst\u00e4nden<br>&#8211; F\u00f6rderung der Zusammenarbeit innerhalb der Fu\u00dfballsparten<br>&#8211; F\u00f6rderung der Zusammenarbeit zwischen Sport und Wirtschaft<br>&#8211; St\u00e4rkeres Einflie\u00dfen der Jugendarbeit in den Herrenbereich<br>&#8211; F\u00f6rderung des Sportumfeldes<br>&#8211; Pflege und F\u00f6rderung des Mitgliederbestandes im Fu\u00dfballf\u00f6rderverein<\/p>\n\n\n\n<hr class=\"wp-block-separator is-style-wide\"\/>\n\n\n\n<div class=\"wp-block-file\"><a href=\"http:\/\/fussball.tsv-westerstetten.de\/wp-content\/uploads\/2020\/08\/Satzung_FFV.pdf\">Satzung<\/a><a href=\"http:\/\/fussball.tsv-westerstetten.de\/wp-content\/uploads\/2020\/08\/Satzung_FFV.pdf\" class=\"wp-block-file__button\" download>Herunterladen<\/a><\/div>\n\n\n\n<p><\/p>\n","protected":false},"excerpt":{"rendered":"<p>Die Idee Erschlie\u00dfung zus\u00e4tzlicher finanzieller und materieller Mittel f\u00fcr die Fu\u00dfballsparten des TSV Westerstetten, um den Fortbestand des Jugend- und Herrenbereichs zu sichern und auszubauen. Die Gr\u00fcndung Der Fu\u00dfballf\u00f6rderverein wurde am 9. April 2009 ins Leben gerufen und ist als eingetragener gemeinn\u00fctziger Verein anerkannt worden. Der Vorstand Der Vorstand setzt [&hellip;]<\/p>\n","protected":false},"author":1,"featured_media":532,"parent":0,"menu_order":0,"comment_status":"closed","ping_status":"closed","template":"","meta":[],"_links":{"self":[{"href":"http:\/\/fussball.tsv-westerstetten.de\/index.php?rest_route=\/wp\/v2\/pages\/584"}],"collection":[{"href":"http:\/\/fussball.tsv-westerstetten.de\/index.php?rest_route=\/wp\/v2\/pages"}],"about":[{"href":"http:\/\/fussball.tsv-westerstetten.de\/index.php?rest_route=\/wp\/v2\/types\/page"}],"author":[{"embeddable":true,"href":"http:\/\/fussball.tsv-westerstetten.de\/index.php?rest_route=\/wp\/v2\/users\/1"}],"replies":[{"embeddable":true,"href":"http:\/\/fussball.tsv-westerstetten.de\/index.php?rest_route=%2Fwp%2Fv2%2Fcomments&post=584"}],"version-history":[{"count":7,"href":"http:\/\/fussball.tsv-westerstetten.de\/index.php?rest_route=\/wp\/v2\/pages\/584\/revisions"}],"predecessor-version":[{"id":599,"href":"http:\/\/fussball.tsv-westerstetten.de\/index.php?rest_route=\/wp\/v2\/pages\/584\/revisions\/599"}],"wp:featuredmedia":[{"embeddable":true,"href":"http:\/\/fussball.tsv-westerstetten.de\/index.php?rest_route=\/wp\/v2\/media\/532"}],"wp:attachment":[{"href":"http:\/\/fussball.tsv-westerstetten.de\/index.php?rest_route=%2Fwp%2Fv2%2Fmedia&parent=584"}],"curies":[{"name":"wp","href":"https:\/\/api.w.org\/{rel}","templated":true}]}}